{"id":21,"date":"2025-07-14T14:46:07","date_gmt":"2025-07-14T17:46:07","guid":{"rendered":"https:\/\/cloud.cnpgc.embrapa.br\/cursobiosseguranca2025\/?page_id=21"},"modified":"2025-10-18T10:24:30","modified_gmt":"2025-10-18T13:24:30","slug":"programacao","status":"publish","type":"page","link":"https:\/\/cloud.cnpgc.embrapa.br\/cursobiosseguranca2025\/programacao\/","title":{"rendered":"PROGRAMA\u00c7\u00c3O"},"content":{"rendered":"\n<h2 class=\"wp-block-heading\">1\u00ba Dia \u2013 20 de outubro de 2025<\/h2>\n\n\n<table>\n<thead>\n<tr>\n<th style=\"width: 120px;\">Hor\u00e1rio<\/th>\n<th>Atividade<\/th>\n<\/tr>\n<\/thead>\n<tbody>\n<tr>\n<td style=\"width: 120px;\">07:30<\/td>\n<td>Recep\u00e7\u00e3o e cadastramento dos participantes<\/td>\n<\/tr>\n<tr>\n<td style=\"width: 120px;\">08:00<\/td>\n<td><strong>Abertura do evento<\/strong><br \/><em>Chefe Geral da Embrapa Gado de Corte \u2013 Antonio do Nascimento Ferreira Rosa <\/em><br \/><em>Reitor da UCDB \u2013 Cristiano Marcelo Espinola Carvalho<\/em><br \/><em>Diretora da Fiocruz Mato Grosso do Sul &#8211; Jislaine de Fatima Guilhermino <\/em><br \/><em>Coordenador do Curso \u2013 Fl\u00e1bio Ribeiro de Ara\u00fajo<\/em><\/td>\n<\/tr>\n<tr>\n<td style=\"width: 120px;\">08:30 \u2013 09:45<\/td>\n<td>Palestra de Abertura: <br \/><strong>A Biosseguran\u00e7a em sua forma mais abrangente \u2013 a constru\u00e7\u00e3o da Pol\u00edtica Nacional de Biosseguran\u00e7a e a conscientiza\u00e7\u00e3o\/cultura em biosseguran\u00e7a<\/strong>.<br \/><em>Cl\u00e1udio Mafra \u2013 SB3<br \/><\/em><\/td>\n<\/tr>\n<tr>\n<td style=\"width: 120px;\">09:45 \u2013 10:15<\/td>\n<td>Intervalo<\/td>\n<\/tr>\n<tr>\n<td style=\"width: 120px;\">10:15 \u2013 11:30<\/td>\n<td><strong>CTNBio e a Lei de Biosseguran\u00e7a: fundamentos, atualiza\u00e7\u00f5es e desafios futuros<\/strong>.<br \/><em>Rubens Nascimento \u2013 CTNBio<br \/><\/em><\/td>\n<\/tr>\n<tr>\n<td style=\"width: 120px;\">11:30 \u2013 12:30<\/td>\n<td><strong>Diferentes n\u00edveis de conten\u00e7\u00e3o biol\u00f3gica \u2013 Infraestrutura e Engenharia<br \/><em>Maxwell Andreu Parrella \u2013\u00a0 Analista da Embrapa Gado de Corte<\/em><\/strong><\/td>\n<\/tr>\n<tr>\n<td style=\"width: 120px;\">12:30 \u2013 14:00<\/td>\n<td><b>Intervalo para almo\u00e7o<\/b><\/td>\n<\/tr>\n<tr>\n<td style=\"width: 120px;\">14:00 \u2013 15:15<\/td>\n<td><strong>O estado da arte dos laborat\u00f3rios de alta conten\u00e7\u00e3o no Brasil.<\/strong><br \/>Local: UCDB<br \/><em>Andr\u00e9 de Oliveira Mendon\u00e7a \u2013 SEBIO\/CDL\/CGAL<br \/><\/em><\/td>\n<\/tr>\n<tr>\n<td style=\"width: 120px;\">15:15 \u2013 16:30<\/td>\n<td><strong>Infraestruturas cr\u00edticas \u2013 NB4 brasileiro CNPEM: Projeto Orion e a constru\u00e7\u00e3o do primeiro laborat\u00f3rio NB4 do Brasil<\/strong><br \/>Local: UCDB<br \/><em>Tatiana Ometto de Araujo \u2013 CNPEM<br \/><\/em><\/td>\n<\/tr>\n<tr>\n<td style=\"width: 120px;\">16:30<\/td>\n<td>Fechamento do primeiro dia<\/td>\n<\/tr>\n<\/tbody>\n<\/table>\n\n\n<h2 class=\"wp-block-heading\">2\u00ba Dia \u2013 21 de outubro de 2025<\/h2>\n\n\n<table>\n<thead>\n<tr>\n<th style=\"width: 120px;\">Hor\u00e1rio<\/th>\n<th>Atividade<\/th>\n<\/tr>\n<\/thead>\n<tbody>\n<tr>\n<td style=\"width: 120px;\">07:30 \u2013 08:00<\/td>\n<td>Recep\u00e7\u00e3o dos participantes<\/td>\n<\/tr>\n<tr>\n<td style=\"width: 120px;\">08:00 \u2013 09:45<\/td>\n<td>Mesa Redonda: <strong>A experi\u00eancia da gest\u00e3o e opera\u00e7\u00e3o em ambiente de alto n\u00edvel de conten\u00e7\u00e3o biol\u00f3gica no Brasil<\/strong><br \/>Local: UCDB<br \/><em>Expositor 1: Ana M\u00e1rcia S\u00e1 Guimar\u00e3es \u2013 USP\/SP<br \/>Expositor 2: Matheus Filgueira Bezerra \u2013 Fiocruz\/PE<br \/>Expositor 3: Fernando Molento \u2013 Instituto Evandro Chagas<\/em><br \/><em>(Moderador: Fl\u00e1vio Ribeiro de Ara\u00fajo)<\/em><\/td>\n<\/tr>\n<tr>\n<td style=\"width: 120px;\">09:45 \u2013 10:15<\/td>\n<td>Intervalo<\/td>\n<\/tr>\n<tr>\n<td style=\"width: 120px;\">10:15 \u2013 11:30<\/td>\n<td><strong>Introdu\u00e7\u00e3o \u00e0 Norma ISO 35001 e legisla\u00e7\u00f5es pertinentes<\/strong><br \/><em>Kelly Fagundes Nascimento \u2013 SEBIO\/CDL\/CGAL<br \/><\/em><\/td>\n<\/tr>\n<tr>\n<td style=\"width: 120px;\">11:30 \u2013 12:30<\/td>\n<td><strong>A Biosseguran\u00e7a na pr\u00e1tica experimental com animais de laborat\u00f3rio e animais silvestres<\/strong><br \/><em>Giovanny Augusto Camacho Antevere Mazzarotto \u2013 Fiocruz PR \/ ICC<br \/><\/em><\/td>\n<\/tr>\n<tr>\n<td style=\"width: 120px;\">12:30 \u2013 14:00<\/td>\n<td><strong>Intervalo almo\u00e7o<\/strong><\/td>\n<\/tr>\n<tr>\n<td style=\"width: 120px;\">14:00 \u2013 15:15<\/td>\n<td><strong>Enfrentando as amea\u00e7as biol\u00f3gicas \u00e0 espreita: o papel da Bioprote\u00e7\u00e3o e da Defesa Biol\u00f3gica<\/strong><br \/>Local: UCDB<br \/><em>N\u00e1dia Vaez Cruz \u2013 Ex\u00e9rcito Brasileiro\/MD<br \/><\/em><\/td>\n<\/tr>\n<tr>\n<td style=\"width: 120px;\">15:15 \u2013 16:30<\/td>\n<td><strong>A emerg\u00eancia zoossanit\u00e1ria por influenza avi\u00e1ria e a biosseguran\u00e7a: do campo ao laborat\u00f3rio de alta conten\u00e7\u00e3o biol\u00f3gica<\/strong><br \/><em>Dilmara Reischak \u2013 LFDA\/SP \u2013 CGAL\u00a0<br \/><\/em><\/td>\n<\/tr>\n<tr>\n<td style=\"width: 120px;\">16:30<\/td>\n<td>Encerramento 1\u00aa parte<\/td>\n<\/tr>\n<\/tbody>\n<\/table>\n\n\n<h2 class=\"wp-block-heading\">2\u00aa Parte &#8211;  Dias 22 a 24 de outubro de 2025<\/h2>\n\n\n\n<p><strong>PARTICIPANTES SELECIONADOS<\/strong><\/p>\n\n\n\n<figure class=\"wp-block-table\"><table><tbody><tr><td>22\/10 <br>07:30 as 16:30<\/td><td>An\u00e1lise de Risco Biol\u00f3gico &nbsp; <br>Teste de veda\u00e7\u00e3o (2\u00ba. Grupo) <br>Teste de veda\u00e7\u00e3o (1\u00ba Grupo)  realizado previamente ao curso &nbsp;<\/td><td>Fernando Molento <br>Instituto Evandro Chagas \u00a0 \u00a0 \u00a0<\/td><\/tr><tr><td rowspan=\"2\">23\/10 <br>07:30 as 16:30<\/td><td>Engenharia de conten\u00e7\u00e3o e visita T\u00e9cnica (10 a 12 participantes) <br>Manh\u00e3 turma 1 <br>Tarde turma 2 &nbsp;<\/td><td>Maxwell Parrella e Jos\u00e9 Gomes <br>Embrapa<\/td><\/tr><tr><td>EPIs Conduta para procedimentos em cabines de seguran\u00e7a biol\u00f3gica (10 a 12 participantes) <br>Manh\u00e3 turma 2 <br>Tarde turma 1 &nbsp; &nbsp;<\/td><td>Camila Soares e \u00c9rika Donizetti <br>CNPEM<\/td><\/tr><tr><td rowspan=\"2\">24\/10 <br>07:30 as 16:30<\/td><td>Aeross\u00f3is \u2013 forma\u00e7\u00e3o\/riscos e conten\u00e7\u00e3o Descontamina\u00e7\u00e3o <br>Manh\u00e3 turma 1 <br>Tarde turma 2 &nbsp; &nbsp;<\/td><td>Camila Soares e \u00c9rika Donizetti<br> CNPEM<\/td><\/tr><tr><td>Paramenta\u00e7\u00e3o\/desparamenta\u00e7\u00e3o Visita T\u00e9cnica \u00e1rea de alta conten\u00e7\u00e3o biol\u00f3gica <br>Manh\u00e3 turma <br>2 Tarde turma 1 &nbsp;<\/td><td>Marlei Vicente <br>Jos\u00e9 Gomes <br>Lenita Santos <br>Embrapa<\/td><\/tr><\/tbody><\/table><\/figure>\n","protected":false},"excerpt":{"rendered":"<p>1\u00ba Dia \u2013 20 de outubro de 2025 Hor\u00e1rio Atividade 07:30 Recep\u00e7\u00e3o e cadastramento dos participantes 08:00 Abertura do eventoChefe Geral da Embrapa Gado de Corte \u2013 Antonio do Nascimento Ferreira Rosa Reitor da UCDB \u2013 Cristiano Marcelo Espinola CarvalhoDiretora<\/p>\n","protected":false},"author":3,"featured_media":0,"parent":0,"menu_order":0,"comment_status":"closed","ping_status":"closed","template":"","meta":{"_exactmetrics_skip_tracking":false,"_exactmetrics_sitenote_active":false,"_exactmetrics_sitenote_note":"","_exactmetrics_sitenote_category":0,"footnotes":""},"class_list":["post-21","page","type-page","status-publish","hentry"],"_links":{"self":[{"href":"https:\/\/cloud.cnpgc.embrapa.br\/cursobiosseguranca2025\/wp-json\/wp\/v2\/pages\/21","targetHints":{"allow":["GET"]}}],"collection":[{"href":"https:\/\/cloud.cnpgc.embrapa.br\/cursobiosseguranca2025\/wp-json\/wp\/v2\/pages"}],"about":[{"href":"https:\/\/cloud.cnpgc.embrapa.br\/cursobiosseguranca2025\/wp-json\/wp\/v2\/types\/page"}],"author":[{"embeddable":true,"href":"https:\/\/cloud.cnpgc.embrapa.br\/cursobiosseguranca2025\/wp-json\/wp\/v2\/users\/3"}],"replies":[{"embeddable":true,"href":"https:\/\/cloud.cnpgc.embrapa.br\/cursobiosseguranca2025\/wp-json\/wp\/v2\/comments?post=21"}],"version-history":[{"count":52,"href":"https:\/\/cloud.cnpgc.embrapa.br\/cursobiosseguranca2025\/wp-json\/wp\/v2\/pages\/21\/revisions"}],"predecessor-version":[{"id":446,"href":"https:\/\/cloud.cnpgc.embrapa.br\/cursobiosseguranca2025\/wp-json\/wp\/v2\/pages\/21\/revisions\/446"}],"wp:attachment":[{"href":"https:\/\/cloud.cnpgc.embrapa.br\/cursobiosseguranca2025\/wp-json\/wp\/v2\/media?parent=21"}],"curies":[{"name":"wp","href":"https:\/\/api.w.org\/{rel}","templated":true}]}}